{"id":673,"date":"2024-08-05T19:04:04","date_gmt":"2024-08-05T19:04:04","guid":{"rendered":"https:\/\/vaskafonds.lv\/?post_type=concert&#038;p=673"},"modified":"2024-08-05T19:04:04","modified_gmt":"2024-08-05T19:04:04","slug":"vasaras-saulgriezu-vakars-mezotne","status":"publish","type":"concert","link":"https:\/\/vaskafonds.lv\/en\/koncerti\/vasaras-saulgriezu-vakars-mezotne\/","title":{"rendered":"Vasaras saulgrie\u017eu vakars Me\u017eotn\u0113"},"content":{"rendered":"\n<p><strong>21. j\u016bnij\u0101<\/strong> Lielupes krast\u0101 Vaska fonda r\u012bkotaj\u0101 koncert\u0101 <strong>\u00abVasaras saulgrie\u017eu vakars Me\u017eotn\u0113\u00bb<\/strong> muzic\u0113s kvartets <strong>\u00abRIX\u00bb<\/strong> un jaun\u0101 operdzied\u0101t\u0101ja Brigita \u010cirk\u0161e (sopr\u0101ns).<\/p>\n\n\n\n<p>Koncerta programm\u0101 iek\u013cauts P. Vaska fonda pas\u016btin\u0101tais ska\u0146darbs \u2013 komponistes Selgas Mences tautas dziesmu apdares \u00abVisa bija J\u0101\u0146u z\u0101le\u00bb balsij un klavieru kvartetam, Ludviga van Bethovena Klavieru kvartets Nr.1 Mi bemol ma\u017eor\u0101, k\u0101 ar\u012b fran\u010du komponista Kamila Sens\u0101nsa Klavieru kvartets op.41.<\/p>\n\n\n\n<p>P\u0113tera Vaska fonds alla\u017e publiku iepaz\u012bstina ar jaunajiem talantiem, un \u0161ogad t\u0101 b\u016bs topo\u0161\u0101 operdzied\u0101t\u0101ja Brigita \u010cirk\u0161e. Pa\u0161reiz vi\u0146a apg\u016bst vok\u0101lo m\u0101kslu Florences Konservatorij\u0101 (Conservatorio Luigi Cherubini Firenze) un J\u0101zepa V\u012btola Latvijas m\u016bzikas akad\u0113mij\u0101, k\u0101 ar\u012b piedal\u0101s div\u0101s Latvijas Nacion\u0101l\u0101s operas izr\u0101d\u0113s \u2013 Fran\u010da Leh\u0101ra operetes \u00abJautr\u0101 atraitne\u00bb iestud\u0113jum\u0101 un J\u0101\u0146a L\u016bs\u0113na \u00abPutnu operas\u00bb atjaunotaj\u0101 iestud\u0113jum\u0101.<\/p>\n\n\n\n<p>\u00abRIX\u00bb klavieru kvartets dibin\u0101ts 1993. gad\u0101, kad altiste Ilze K\u013cava, \u010dellists Reinis Birznieks un vijolnieks Sandis \u0160teinbergs satik\u0101s pianista, profesora J\u0101\u0146a Ma\u013cecka kameransamb\u013ca klas\u0113 J\u0101zepa V\u012btola Latvijas M\u016bzikas akad\u0113mij\u0101. Kvarteta dal\u012bbnieki p\u0101ris rei\u017eu gad\u0101 satiekas R\u012bg\u0101, lai iestud\u0113tu, atska\u0146otu un ierakst\u012btu koncertprogrammas. 2015. gad\u0101 kvartets \u00abRIX\u00bb prezent\u0113ja P\u0113tera Vaska m\u016bziku presti\u017eaj\u0101 \u00abPhillips Collection\u00bb koncerts\u0113rij\u0101 Va\u0161ington\u0101.<\/p>\n\n\n\n<figure class=\"wp-block-gallery has-nested-images columns-default is-cropped wp-block-gallery-1 is-layout-flex wp-block-gallery-is-layout-flex\">\n<figure class=\"wp-block-image size-large\"><img fetchpriority=\"high\" decoding=\"async\" width=\"958\" height=\"638\" data-id=\"676\" src=\"https:\/\/vaskafonds.lv\/wp-content\/uploads\/sites\/3\/2024\/08\/rixklavierukvartets.jpg\" alt=\"\" class=\"wp-image-676\" srcset=\"https:\/\/vaskafonds.lv\/wp-content\/uploads\/sites\/3\/2024\/08\/rixklavierukvartets.jpg 958w, https:\/\/vaskafonds.lv\/wp-content\/uploads\/sites\/3\/2024\/08\/rixklavierukvartets-300x200.jpg 300w, https:\/\/vaskafonds.lv\/wp-content\/uploads\/sites\/3\/2024\/08\/rixklavierukvartets-768x511.jpg 768w\" sizes=\"(max-width: 958px) 100vw, 958px\" \/><\/figure>\n\n\n\n<figure class=\"wp-block-image size-large\"><img decoding=\"async\" width=\"683\" height=\"1024\" data-id=\"678\" src=\"https:\/\/vaskafonds.lv\/wp-content\/uploads\/sites\/3\/2024\/08\/26678249_1597222827012854_3296908632571113121_o-683x1024.jpg\" alt=\"\" class=\"wp-image-678\" srcset=\"https:\/\/vaskafonds.lv\/wp-content\/uploads\/sites\/3\/2024\/08\/26678249_1597222827012854_3296908632571113121_o-683x1024.jpg 683w, https:\/\/vaskafonds.lv\/wp-content\/uploads\/sites\/3\/2024\/08\/26678249_1597222827012854_3296908632571113121_o-200x300.jpg 200w, https:\/\/vaskafonds.lv\/wp-content\/uploads\/sites\/3\/2024\/08\/26678249_1597222827012854_3296908632571113121_o-768x1152.jpg 768w, https:\/\/vaskafonds.lv\/wp-content\/uploads\/sites\/3\/2024\/08\/26678249_1597222827012854_3296908632571113121_o.jpg 1000w\" sizes=\"(max-width: 683px) 100vw, 683px\" \/><\/figure>\n<\/figure>\n","protected":false},"author":4,"featured_media":674,"menu_order":0,"template":"","meta":{"_acf_changed":true},"class_list":["post-673","concert","type-concert","status-publish","has-post-thumbnail","hentry"],"acf":[],"_links":{"self":[{"href":"https:\/\/vaskafonds.lv\/en\/wp-json\/wp\/v2\/concert\/673"}],"collection":[{"href":"https:\/\/vaskafonds.lv\/en\/wp-json\/wp\/v2\/concert"}],"about":[{"href":"https:\/\/vaskafonds.lv\/en\/wp-json\/wp\/v2\/types\/concert"}],"author":[{"embeddable":true,"href":"https:\/\/vaskafonds.lv\/en\/wp-json\/wp\/v2\/users\/4"}],"wp:featuredmedia":[{"embeddable":true,"href":"https:\/\/vaskafonds.lv\/en\/wp-json\/wp\/v2\/media\/674"}],"wp:attachment":[{"href":"https:\/\/vaskafonds.lv\/en\/wp-json\/wp\/v2\/media?parent=673"}],"curies":[{"name":"wp","href":"https:\/\/api.w.org\/{rel}","templated":true}]}}