{"id":662,"date":"2024-08-05T18:56:03","date_gmt":"2024-08-05T18:56:03","guid":{"rendered":"https:\/\/vaskafonds.lv\/?post_type=concert&#038;p=662"},"modified":"2024-10-07T16:01:20","modified_gmt":"2024-10-07T14:01:20","slug":"georgijas-osokins","status":"publish","type":"concert","link":"https:\/\/vaskafonds.lv\/en\/koncerti\/georgijas-osokins\/","title":{"rendered":"Georgijs Osokins"},"content":{"rendered":"\n<p><strong>7. septembr\u012b<\/strong> plkst. 19:00 ar solokoncertu Mazaj\u0101 Me\u017eotnes pil\u012b viesosies izcilais pianists <strong>Georgijs Osokins.<\/strong><\/p>\n\n\n\n<p>Pianistu Osokinu dinastijas jaun\u0101kais p\u0101rst\u0101vis Georgijs Osokins pla\u0161u starptautisku iev\u0113r\u012bbu guva 2015. gad\u0101, vien 19 gadu vecum\u0101 piedaloties Starptautiskaj\u0101 \u0160op\u0113na konkurs\u0101. Jau v\u0113l pirms konkursa fin\u0101la Georgijs Osokins sa\u0146\u0113ma uzaicin\u0101jumus uzst\u0101ties gan presti\u017eaj\u0101 festiv\u0101l\u0101 \u00ab\u0160op\u0113ns un vi\u0146a Eiropa\u00bb Var\u0161av\u0101, gan doties pirmaj\u0101 Jap\u0101nas t\u016br\u0113. Georgijs Osokins koncert\u0113jis Polijas Nacion\u0101l\u0101 radio simfonisk\u0101 or\u0137estra koncertnam\u0101 Katovic\u0113, Tokijas Metropoles te\u0101tr\u012b; vi\u0146\u0161 uzst\u0101jies \u0160veic\u0113, V\u0101cij\u0101, ASV u.c. Kop\u0161 2018.gada Georgijs sadarbojas ar Gidonu Kr\u0113meru, un l\u012bdz\u0101s Lik\u0101 Debargam ir pirmais pianists, kur\u0161 \u00abKremerata Baltica\u00bb 22 gadu past\u0101v\u0113\u0161anas v\u0113stur\u0113 k\u013cuvis par or\u0137estra past\u0101v\u012bgo rezid\u0113jo\u0161o viesm\u0101kslinieku. 2019.gad\u0101 maij\u0101 \u00abPiano Classics\u00bb laida klaj\u0101 otro Georgija Osokina tvartu ar Sergeja Rahma\u0146inova opusiem, par kuru pianists sa\u0146\u0113mis izcilas recenzijas no \u00abPizzicato\u00bb, \u00abGramophone\u00bb, \u00abFrance Musique\u00bb, D\u0101nijas Radio u.c. Georgijs Osokins 2016.gad\u0101 sa\u0146\u0113mis ar\u012b \u00abLielo M\u016bzikas balvu\u00bb kategorij\u0101 \u00abGada jaunais m\u0101kslinieks\u00bb, savuk\u0101rt 2021.gad\u0101 LMB vi\u0146\u0161 sa\u0146\u0113ma kategorij\u0101 \u00abPar izcilu interpret\u0101ciju\u00bb. Kad vien iesp\u0113jams, Georgijs cen\u0161as uzst\u0101ties ar\u012b Latvij\u0101, un 7. septembr\u012b b\u016bs patie\u0161\u0101m ekskluz\u012bva iesp\u0113ja vi\u0146a vien\u012bgo solokoncertu baud\u012bt Lielupes krast\u0101, Mazaj\u0101 Me\u017eotnes pil\u012b.<\/p>\n\n\n\n<hr class=\"wp-block-separator has-alpha-channel-opacity is-style-dots\"\/>\n\n\n\n<p>Pag\u0101ju\u0161\u0101s ned\u0113\u013cas nogal\u0113 Mazaj\u0101 Me\u017eotnes pil\u012b pulc\u0113j\u0101s m\u016bzikas m\u012b\u013cot\u0101ji, lai izbaud\u012btu izcil\u0101 pianista Georgija Osokina solokoncertu, kur\u0101 skan\u0113ja piln\u012bgi jauna programma: P\u0113tera Vaska, Jozefa Haidna, Johannesa Br\u0101msa un Ferenca Lista ska\u0146darbi, un m\u0101kslinieka br\u012bni\u0161\u0137\u012bgo un spo\u017eo priek\u0161nesumu kl\u0101teso\u0161ie uz\u0146\u0113ma ar st\u0101vov\u0101cij\u0101m, kas ilga vair\u0101kas min\u016btes. Viesu vid\u016b bija m\u0101kslas zin\u0101tnieks un Rund\u0101les pils biju\u0161ais direktors Imants Lancmanis, eksprezidents Valdis Zatlers, dzied\u0101t\u0101js Igo ar dz\u012bvesbiedreni Gitu, Rund\u0101les pils direktore Lauma L\u016bse, Latvijas Radio 3 \u00abKlasika\u00bb direktore Gunda Vaivode, \u00abLatvijas koncertu\u00bb direktors Guntars \u0136irsis u.c.<\/p>\n\n\n\n<figure class=\"wp-block-gallery has-nested-images columns-default is-cropped wp-block-gallery-1 is-layout-flex wp-block-gallery-is-layout-flex\">\n<figure class=\"wp-block-image size-thumbnail\"><a href=\"https:\/\/vaskafonds.lv\/wp-content\/uploads\/sites\/3\/2024\/08\/al0_5813.jpg\"><img decoding=\"async\" width=\"150\" height=\"150\" data-id=\"3932\" src=\"https:\/\/vaskafonds.lv\/wp-content\/uploads\/sites\/3\/2024\/08\/al0_5813-150x150.jpg\" alt=\"\" class=\"wp-image-3932\"\/><\/a><figcaption class=\"wp-element-caption\">07.09.2024. Maz\u0101 Me\u017eotnes pils. Koncerts. Solokoncerts. Georgijs Osokins &#8211; klavieres. Foto: Aivars Liepi\u0146\u0161<\/figcaption><\/figure>\n\n\n\n<figure class=\"wp-block-image size-thumbnail\"><a href=\"https:\/\/vaskafonds.lv\/wp-content\/uploads\/sites\/3\/2024\/08\/al0_5824.jpg\"><img decoding=\"async\" width=\"150\" height=\"150\" data-id=\"3938\" src=\"https:\/\/vaskafonds.lv\/wp-content\/uploads\/sites\/3\/2024\/08\/al0_5824-150x150.jpg\" alt=\"\" class=\"wp-image-3938\"\/><\/a><figcaption class=\"wp-element-caption\">07.09.2024. Maz\u0101 Me\u017eotnes pils. Koncerts. Solokoncerts. Georgijs Osokins &#8211; klavieres. Foto: Aivars Liepi\u0146\u0161<\/figcaption><\/figure>\n\n\n\n<figure class=\"wp-block-image size-thumbnail\"><a href=\"https:\/\/vaskafonds.lv\/wp-content\/uploads\/sites\/3\/2024\/08\/al0_5852.jpg\"><img decoding=\"async\" width=\"150\" height=\"150\" data-id=\"3931\" src=\"https:\/\/vaskafonds.lv\/wp-content\/uploads\/sites\/3\/2024\/08\/al0_5852-150x150.jpg\" alt=\"\" class=\"wp-image-3931\"\/><\/a><figcaption class=\"wp-element-caption\">07.09.2024. Maz\u0101 Me\u017eotnes pils. Koncerts. Solokoncerts. Georgijs Osokins &#8211; klavieres. Foto: Aivars Liepi\u0146\u0161<\/figcaption><\/figure>\n\n\n\n<figure class=\"wp-block-image size-thumbnail\"><a href=\"https:\/\/vaskafonds.lv\/wp-content\/uploads\/sites\/3\/2024\/08\/al0_5870.jpg\"><img loading=\"lazy\" decoding=\"async\" width=\"150\" height=\"150\" data-id=\"3934\" src=\"https:\/\/vaskafonds.lv\/wp-content\/uploads\/sites\/3\/2024\/08\/al0_5870-150x150.jpg\" alt=\"\" class=\"wp-image-3934\"\/><\/a><figcaption class=\"wp-element-caption\">07.09.2024. Maz\u0101 Me\u017eotnes pils. Koncerts. Solokoncerts. Georgijs Osokins &#8211; klavieres. Foto: Aivars Liepi\u0146\u0161<\/figcaption><\/figure>\n\n\n\n<figure class=\"wp-block-image size-thumbnail\"><a href=\"https:\/\/vaskafonds.lv\/wp-content\/uploads\/sites\/3\/2024\/08\/al0_5927.jpg\"><img loading=\"lazy\" decoding=\"async\" width=\"150\" height=\"150\" data-id=\"3939\" src=\"https:\/\/vaskafonds.lv\/wp-content\/uploads\/sites\/3\/2024\/08\/al0_5927-150x150.jpg\" alt=\"\" class=\"wp-image-3939\"\/><\/a><figcaption class=\"wp-element-caption\">07.09.2024. Maz\u0101 Me\u017eotnes pils. Koncerts. Solokoncerts. Georgijs Osokins &#8211; klavieres. Foto: Aivars Liepi\u0146\u0161<\/figcaption><\/figure>\n\n\n\n<figure class=\"wp-block-image size-thumbnail\"><a href=\"https:\/\/vaskafonds.lv\/wp-content\/uploads\/sites\/3\/2024\/08\/al0_5938.jpg\"><img loading=\"lazy\" decoding=\"async\" width=\"150\" height=\"150\" data-id=\"3942\" src=\"https:\/\/vaskafonds.lv\/wp-content\/uploads\/sites\/3\/2024\/08\/al0_5938-150x150.jpg\" alt=\"\" class=\"wp-image-3942\"\/><\/a><figcaption class=\"wp-element-caption\">07.09.2024. Maz\u0101 Me\u017eotnes pils. Koncerts. Solokoncerts. Georgijs Osokins &#8211; klavieres. Foto: Aivars Liepi\u0146\u0161<\/figcaption><\/figure>\n\n\n\n<figure class=\"wp-block-image size-thumbnail\"><a href=\"https:\/\/vaskafonds.lv\/wp-content\/uploads\/sites\/3\/2024\/08\/al0_5902.jpg\"><img loading=\"lazy\" decoding=\"async\" width=\"150\" height=\"150\" data-id=\"3944\" src=\"https:\/\/vaskafonds.lv\/wp-content\/uploads\/sites\/3\/2024\/08\/al0_5902-150x150.jpg\" alt=\"\" class=\"wp-image-3944\"\/><\/a><figcaption class=\"wp-element-caption\">07.09.2024. Maz\u0101 Me\u017eotnes pils. Koncerts. Solokoncerts. Georgijs Osokins &#8211; klavieres. Foto: Aivars Liepi\u0146\u0161<\/figcaption><\/figure>\n\n\n\n<figure class=\"wp-block-image size-thumbnail\"><a href=\"https:\/\/vaskafonds.lv\/wp-content\/uploads\/sites\/3\/2024\/08\/al0_5951.jpg\"><img loading=\"lazy\" decoding=\"async\" width=\"150\" height=\"150\" data-id=\"3947\" src=\"https:\/\/vaskafonds.lv\/wp-content\/uploads\/sites\/3\/2024\/08\/al0_5951-150x150.jpg\" alt=\"\" class=\"wp-image-3947\"\/><\/a><figcaption class=\"wp-element-caption\">07.09.2024. Maz\u0101 Me\u017eotnes pils. Koncerts. Solokoncerts. Georgijs Osokins &#8211; klavieres. Foto: Aivars Liepi\u0146\u0161<\/figcaption><\/figure>\n\n\n\n<figure class=\"wp-block-image size-thumbnail\"><a href=\"https:\/\/vaskafonds.lv\/wp-content\/uploads\/sites\/3\/2024\/08\/al0_5968.jpg\"><img loading=\"lazy\" decoding=\"async\" width=\"150\" height=\"150\" data-id=\"3951\" src=\"https:\/\/vaskafonds.lv\/wp-content\/uploads\/sites\/3\/2024\/08\/al0_5968-150x150.jpg\" alt=\"\" class=\"wp-image-3951\"\/><\/a><figcaption class=\"wp-element-caption\">07.09.2024. Maz\u0101 Me\u017eotnes pils. Koncerts. Solokoncerts. Georgijs Osokins &#8211; klavieres. Foto: Aivars Liepi\u0146\u0161<\/figcaption><\/figure>\n\n\n\n<figure class=\"wp-block-image size-thumbnail\"><a href=\"https:\/\/vaskafonds.lv\/wp-content\/uploads\/sites\/3\/2024\/08\/al0_5980.jpg\"><img loading=\"lazy\" decoding=\"async\" width=\"150\" height=\"150\" data-id=\"3949\" src=\"https:\/\/vaskafonds.lv\/wp-content\/uploads\/sites\/3\/2024\/08\/al0_5980-150x150.jpg\" alt=\"\" class=\"wp-image-3949\"\/><\/a><figcaption class=\"wp-element-caption\">07.09.2024. Maz\u0101 Me\u017eotnes pils. Koncerts. Solokoncerts. Georgijs Osokins &#8211; klavieres. Foto: Aivars Liepi\u0146\u0161<\/figcaption><\/figure>\n\n\n\n<figure class=\"wp-block-image size-thumbnail\"><a href=\"https:\/\/vaskafonds.lv\/wp-content\/uploads\/sites\/3\/2024\/08\/al0_6057.jpg\"><img loading=\"lazy\" decoding=\"async\" width=\"150\" height=\"150\" data-id=\"3954\" src=\"https:\/\/vaskafonds.lv\/wp-content\/uploads\/sites\/3\/2024\/08\/al0_6057-150x150.jpg\" alt=\"\" class=\"wp-image-3954\"\/><\/a><figcaption class=\"wp-element-caption\">07.09.2024. Maz\u0101 Me\u017eotnes pils. Koncerts. Solokoncerts. Georgijs Osokins &#8211; klavieres. Foto: Aivars Liepi\u0146\u0161<\/figcaption><\/figure>\n\n\n\n<figure class=\"wp-block-image size-thumbnail\"><a href=\"https:\/\/vaskafonds.lv\/wp-content\/uploads\/sites\/3\/2024\/08\/al0_6070.jpg\"><img loading=\"lazy\" decoding=\"async\" width=\"150\" height=\"150\" data-id=\"3953\" src=\"https:\/\/vaskafonds.lv\/wp-content\/uploads\/sites\/3\/2024\/08\/al0_6070-150x150.jpg\" alt=\"\" class=\"wp-image-3953\"\/><\/a><figcaption class=\"wp-element-caption\">07.09.2024. Maz\u0101 Me\u017eotnes pils. Koncerts. Solokoncerts. Georgijs Osokins &#8211; klavieres. Foto: Aivars Liepi\u0146\u0161<\/figcaption><\/figure>\n\n\n\n<figure class=\"wp-block-image size-thumbnail\"><a href=\"https:\/\/vaskafonds.lv\/wp-content\/uploads\/sites\/3\/2024\/08\/al0_6145.jpg\"><img loading=\"lazy\" decoding=\"async\" width=\"150\" height=\"150\" data-id=\"3957\" src=\"https:\/\/vaskafonds.lv\/wp-content\/uploads\/sites\/3\/2024\/08\/al0_6145-150x150.jpg\" alt=\"\" class=\"wp-image-3957\"\/><\/a><figcaption class=\"wp-element-caption\">07.09.2024. Maz\u0101 Me\u017eotnes pils. Koncerts. Solokoncerts. Georgijs Osokins &#8211; klavieres. Foto: Aivars Liepi\u0146\u0161<\/figcaption><\/figure>\n\n\n\n<figure class=\"wp-block-image size-thumbnail\"><a href=\"https:\/\/vaskafonds.lv\/wp-content\/uploads\/sites\/3\/2024\/08\/al0_6161.jpg\"><img loading=\"lazy\" decoding=\"async\" width=\"150\" height=\"150\" data-id=\"3959\" src=\"https:\/\/vaskafonds.lv\/wp-content\/uploads\/sites\/3\/2024\/08\/al0_6161-150x150.jpg\" alt=\"\" class=\"wp-image-3959\"\/><\/a><figcaption class=\"wp-element-caption\">07.09.2024. Maz\u0101 Me\u017eotnes pils. Koncerts. Solokoncerts. Georgijs Osokins &#8211; klavieres. Foto: Aivars Liepi\u0146\u0161<\/figcaption><\/figure>\n\n\n\n<figure class=\"wp-block-image size-thumbnail\"><a href=\"https:\/\/vaskafonds.lv\/wp-content\/uploads\/sites\/3\/2024\/08\/al0_6220.jpg\"><img loading=\"lazy\" decoding=\"async\" width=\"150\" height=\"150\" data-id=\"3961\" src=\"https:\/\/vaskafonds.lv\/wp-content\/uploads\/sites\/3\/2024\/08\/al0_6220-150x150.jpg\" alt=\"\" class=\"wp-image-3961\"\/><\/a><figcaption class=\"wp-element-caption\">07.09.2024. Maz\u0101 Me\u017eotnes pils. Koncerts. Solokoncerts. Georgijs Osokins &#8211; klavieres. Foto: Aivars Liepi\u0146\u0161<\/figcaption><\/figure>\n<\/figure>\n","protected":false},"author":4,"featured_media":663,"menu_order":0,"template":"","meta":{"_acf_changed":false},"class_list":["post-662","concert","type-concert","status-publish","has-post-thumbnail","hentry"],"acf":[],"_links":{"self":[{"href":"https:\/\/vaskafonds.lv\/en\/wp-json\/wp\/v2\/concert\/662"}],"collection":[{"href":"https:\/\/vaskafonds.lv\/en\/wp-json\/wp\/v2\/concert"}],"about":[{"href":"https:\/\/vaskafonds.lv\/en\/wp-json\/wp\/v2\/types\/concert"}],"author":[{"embeddable":true,"href":"https:\/\/vaskafonds.lv\/en\/wp-json\/wp\/v2\/users\/4"}],"wp:featuredmedia":[{"embeddable":true,"href":"https:\/\/vaskafonds.lv\/en\/wp-json\/wp\/v2\/media\/663"}],"wp:attachment":[{"href":"https:\/\/vaskafonds.lv\/en\/wp-json\/wp\/v2\/media?parent=662"}],"curies":[{"name":"wp","href":"https:\/\/api.w.org\/{rel}","templated":true}]}}