{"id":537,"date":"2024-08-05T18:40:15","date_gmt":"2024-08-05T18:40:15","guid":{"rendered":"https:\/\/vaskafonds.lv\/?post_type=concert&#038;p=537"},"modified":"2024-08-05T18:41:40","modified_gmt":"2024-08-05T18:41:40","slug":"537","status":"publish","type":"concert","link":"https:\/\/vaskafonds.lv\/en\/koncerti\/537\/","title":{"rendered":"Trio Palladio"},"content":{"rendered":"\n<p>2023. gada 9. septembra koncerts ar kameransambli \u201cTrio Palladio\u201d: vijolniece Eva Bindere, \u010delliste, Londonas Filharmonisk\u0101 or\u0137estra \u010dellu grupas koncertmeistare Krist\u012bne Blaumane un pianists Reinis Zari\u0146\u0161 izveidoja 2015. gad\u0101 London\u0101, sava kameransamb\u013ca nosaukum\u0101 godinot Renesanses laikmeta it\u0101\u013cu arhitekta Andrea Palladio (1508\u20131580) v\u0101rdu. \u0122eni\u0101lais arhitekts iedvesmoj\u0101s no le\u0123end\u0101r\u0101 romie\u0161u arhitekta Vitr\u016bvija priek\u0161statiem par arhitekt\u016bras nepiecie\u0161amo saikni ar zin\u0101tni un m\u0101ksl\u0101m, kas balst\u0101s uz skait\u013ciem un proporcij\u0101m, un ar\u012b vi\u0146a v\u0101rd\u0101 nosauktais trio sav\u0101 rado\u0161aj\u0101 darb\u012bb\u0101 seko \u0161\u012bm v\u0113rt\u012bb\u0101m. Pa\u0161u pirmo koncertu Trio Palladio sniedza Londonas Vigmora z\u0101l\u0113 saist\u012bb\u0101 ar Latvijas Republikas prezident\u016bru Eiropas Savien\u012bbas padom\u0113, un jau 2018. gad\u0101 trio tika nomin\u0113ts Lielajai M\u016bzikas balvai kategorij\u0101 \u00abPar izcilu sniegumu gada garum\u0101\u00bb.<\/p>\n\n\n\n<p>Trio atska\u0146oja Ludviga van B\u0113thovena, Kristapa P\u0113tersona un Johannessa Br\u0101msa ska\u0146darbus.<\/p>\n\n\n\n<p><a href=\"https:\/\/acrobat.adobe.com\/id\/urn:aaid:sc:eu:2f1f3ed8-b650-4456-aa01-525aef536208\" target=\"_blank\" rel=\"noreferrer noopener nofollow\">Ineses L\u016bsi\u0146as veidota koncerta programma.<\/a><\/p>\n\n\n\n<figure class=\"wp-block-embed is-type-video is-provider-youtube wp-block-embed-youtube wp-embed-aspect-16-9 wp-has-aspect-ratio\"><div class=\"wp-block-embed__wrapper\">\n<iframe title=\"Me\u017eotne  P. VASKA fonda koncerts 9.09. TRIO PALLADIO\" width=\"800\" height=\"450\" src=\"https:\/\/www.youtube.com\/embed\/QQXUrZoswv4?start=1&#038;feature=oembed\" frameborder=\"0\" allow=\"accelerometer; autoplay; clipboard-write; encrypted-media; gyroscope; picture-in-picture; web-share\" referrerpolicy=\"strict-origin-when-cross-origin\" allowfullscreen><\/iframe>\n<\/div><\/figure>\n\n\n\n<figure class=\"wp-block-gallery has-nested-images columns-default is-cropped wp-block-gallery-1 is-layout-flex wp-block-gallery-is-layout-flex\">\n<figure class=\"wp-block-image size-large\"><a href=\"https:\/\/vaskafonds.lv\/wp-content\/uploads\/sites\/3\/2024\/08\/al0_8727.jpg\"><img fetchpriority=\"high\" decoding=\"async\" width=\"500\" height=\"375\" data-id=\"540\" src=\"https:\/\/vaskafonds.lv\/wp-content\/uploads\/sites\/3\/2024\/08\/al0_8727.jpg\" alt=\"\" class=\"wp-image-540\" srcset=\"https:\/\/vaskafonds.lv\/wp-content\/uploads\/sites\/3\/2024\/08\/al0_8727.jpg 500w, https:\/\/vaskafonds.lv\/wp-content\/uploads\/sites\/3\/2024\/08\/al0_8727-300x225.jpg 300w\" sizes=\"(max-width: 500px) 100vw, 500px\" \/><\/a><figcaption class=\"wp-element-caption\">09.09.2023. Maz\u0101 Me\u017eotnes pils. Koncerts. Trio Palladio \u2013 Reinis Zari\u0146\u0161 (klavieres), Eva Bindere (vijole) un Krist\u012bne Blaumane (\u010dells).  Ludviga van B\u0113thovena un Johannesa Br\u0101msa \u0161edevri, k\u0101 ar\u012b Kristapa P\u0113tersona m\u016bzika. Foto: Aivars Liepi\u0146\u0161<\/figcaption><\/figure>\n\n\n\n<figure class=\"wp-block-image size-large\"><a href=\"https:\/\/vaskafonds.lv\/wp-content\/uploads\/sites\/3\/2024\/08\/al0_8736.jpg\"><img decoding=\"async\" width=\"500\" height=\"422\" data-id=\"546\" src=\"https:\/\/vaskafonds.lv\/wp-content\/uploads\/sites\/3\/2024\/08\/al0_8736.jpg\" alt=\"\" class=\"wp-image-546\" srcset=\"https:\/\/vaskafonds.lv\/wp-content\/uploads\/sites\/3\/2024\/08\/al0_8736.jpg 500w, https:\/\/vaskafonds.lv\/wp-content\/uploads\/sites\/3\/2024\/08\/al0_8736-300x253.jpg 300w\" sizes=\"(max-width: 500px) 100vw, 500px\" \/><\/a><figcaption class=\"wp-element-caption\">09.09.2023. Maz\u0101 Me\u017eotnes pils. Koncerts. Trio Palladio \u2013 Reinis Zari\u0146\u0161 (klavieres), Eva Bindere (vijole) un Krist\u012bne Blaumane (\u010dells).  Ludviga van B\u0113thovena un Johannesa Br\u0101msa \u0161edevri, k\u0101 ar\u012b Kristapa P\u0113tersona m\u016bzika. Foto: Aivars Liepi\u0146\u0161<\/figcaption><\/figure>\n\n\n\n<figure class=\"wp-block-image size-large\"><a href=\"https:\/\/vaskafonds.lv\/wp-content\/uploads\/sites\/3\/2024\/08\/al0_8739.jpg\"><img decoding=\"async\" width=\"500\" height=\"361\" data-id=\"543\" src=\"https:\/\/vaskafonds.lv\/wp-content\/uploads\/sites\/3\/2024\/08\/al0_8739.jpg\" alt=\"\" class=\"wp-image-543\" srcset=\"https:\/\/vaskafonds.lv\/wp-content\/uploads\/sites\/3\/2024\/08\/al0_8739.jpg 500w, https:\/\/vaskafonds.lv\/wp-content\/uploads\/sites\/3\/2024\/08\/al0_8739-300x217.jpg 300w\" sizes=\"(max-width: 500px) 100vw, 500px\" \/><\/a><figcaption class=\"wp-element-caption\">09.09.2023. Maz\u0101 Me\u017eotnes pils. Koncerts. Trio Palladio \u2013 Reinis Zari\u0146\u0161 (klavieres), Eva Bindere (vijole) un Krist\u012bne Blaumane (\u010dells).  Ludviga van B\u0113thovena un Johannesa Br\u0101msa \u0161edevri, k\u0101 ar\u012b Kristapa P\u0113tersona m\u016bzika. Foto: Aivars Liepi\u0146\u0161<\/figcaption><\/figure>\n\n\n\n<figure class=\"wp-block-image size-large\"><a href=\"https:\/\/vaskafonds.lv\/wp-content\/uploads\/sites\/3\/2024\/08\/al0_8768.jpg\"><img loading=\"lazy\" decoding=\"async\" width=\"500\" height=\"344\" data-id=\"542\" src=\"https:\/\/vaskafonds.lv\/wp-content\/uploads\/sites\/3\/2024\/08\/al0_8768.jpg\" alt=\"\" class=\"wp-image-542\" srcset=\"https:\/\/vaskafonds.lv\/wp-content\/uploads\/sites\/3\/2024\/08\/al0_8768.jpg 500w, https:\/\/vaskafonds.lv\/wp-content\/uploads\/sites\/3\/2024\/08\/al0_8768-300x206.jpg 300w\" sizes=\"(max-width: 500px) 100vw, 500px\" \/><\/a><figcaption class=\"wp-element-caption\">09.09.2023. Maz\u0101 Me\u017eotnes pils. Koncerts. Trio Palladio \u2013 Reinis Zari\u0146\u0161 (klavieres), Eva Bindere (vijole) un Krist\u012bne Blaumane (\u010dells).  Ludviga van B\u0113thovena un Johannesa Br\u0101msa \u0161edevri, k\u0101 ar\u012b Kristapa P\u0113tersona m\u016bzika. Foto: Aivars Liepi\u0146\u0161<\/figcaption><\/figure>\n\n\n\n<figure class=\"wp-block-image size-large\"><a href=\"https:\/\/vaskafonds.lv\/wp-content\/uploads\/sites\/3\/2024\/08\/al0_8774.jpg\"><img loading=\"lazy\" decoding=\"async\" width=\"500\" height=\"494\" data-id=\"549\" src=\"https:\/\/vaskafonds.lv\/wp-content\/uploads\/sites\/3\/2024\/08\/al0_8774.jpg\" alt=\"\" class=\"wp-image-549\" srcset=\"https:\/\/vaskafonds.lv\/wp-content\/uploads\/sites\/3\/2024\/08\/al0_8774.jpg 500w, https:\/\/vaskafonds.lv\/wp-content\/uploads\/sites\/3\/2024\/08\/al0_8774-300x296.jpg 300w\" sizes=\"(max-width: 500px) 100vw, 500px\" \/><\/a><figcaption class=\"wp-element-caption\">09.09.2023. Maz\u0101 Me\u017eotnes pils. Koncerts. Trio Palladio \u2013 Reinis Zari\u0146\u0161 (klavieres), Eva Bindere (vijole) un Krist\u012bne Blaumane (\u010dells).  Ludviga van B\u0113thovena un Johannesa Br\u0101msa \u0161edevri, k\u0101 ar\u012b Kristapa P\u0113tersona m\u016bzika. Foto: Aivars Liepi\u0146\u0161<\/figcaption><\/figure>\n\n\n\n<figure class=\"wp-block-image size-full\"><img loading=\"lazy\" decoding=\"async\" width=\"500\" height=\"473\" data-id=\"545\" src=\"https:\/\/vaskafonds.lv\/wp-content\/uploads\/sites\/3\/2024\/08\/al0_8859.jpg\" alt=\"\" class=\"wp-image-545\" srcset=\"https:\/\/vaskafonds.lv\/wp-content\/uploads\/sites\/3\/2024\/08\/al0_8859.jpg 500w, https:\/\/vaskafonds.lv\/wp-content\/uploads\/sites\/3\/2024\/08\/al0_8859-300x284.jpg 300w\" sizes=\"(max-width: 500px) 100vw, 500px\" \/><figcaption class=\"wp-element-caption\">09.09.2023. Maz\u0101 Me\u017eotnes pils. Koncerts. Trio Palladio \u2013 Reinis Zari\u0146\u0161 (klavieres), Eva Bindere (vijole) un Krist\u012bne Blaumane (\u010dells).  Ludviga van B\u0113thovena un Johannesa Br\u0101msa \u0161edevri, k\u0101 ar\u012b Kristapa P\u0113tersona m\u016bzika. Foto: Aivars Liepi\u0146\u0161<\/figcaption><\/figure>\n\n\n\n<figure class=\"wp-block-image size-large\"><a href=\"https:\/\/vaskafonds.lv\/wp-content\/uploads\/sites\/3\/2024\/08\/al0_8751.jpg\"><img loading=\"lazy\" decoding=\"async\" width=\"500\" height=\"340\" data-id=\"551\" src=\"https:\/\/vaskafonds.lv\/wp-content\/uploads\/sites\/3\/2024\/08\/al0_8751.jpg\" alt=\"\" class=\"wp-image-551\" srcset=\"https:\/\/vaskafonds.lv\/wp-content\/uploads\/sites\/3\/2024\/08\/al0_8751.jpg 500w, https:\/\/vaskafonds.lv\/wp-content\/uploads\/sites\/3\/2024\/08\/al0_8751-300x204.jpg 300w\" sizes=\"(max-width: 500px) 100vw, 500px\" \/><\/a><figcaption class=\"wp-element-caption\">09.09.2023. Maz\u0101 Me\u017eotnes pils. Koncerts. Trio Palladio \u2013 Reinis Zari\u0146\u0161 (klavieres), Eva Bindere (vijole) un Krist\u012bne Blaumane (\u010dells).  Ludviga van B\u0113thovena un Johannesa Br\u0101msa \u0161edevri, k\u0101 ar\u012b Kristapa P\u0113tersona m\u016bzika. Foto: Aivars Liepi\u0146\u0161<\/figcaption><\/figure>\n\n\n\n<figure class=\"wp-block-image size-large\"><a href=\"https:\/\/vaskafonds.lv\/wp-content\/uploads\/sites\/3\/2024\/08\/al0_8817.jpg\"><img loading=\"lazy\" decoding=\"async\" width=\"500\" height=\"641\" data-id=\"553\" src=\"https:\/\/vaskafonds.lv\/wp-content\/uploads\/sites\/3\/2024\/08\/al0_8817.jpg\" alt=\"\" class=\"wp-image-553\" srcset=\"https:\/\/vaskafonds.lv\/wp-content\/uploads\/sites\/3\/2024\/08\/al0_8817.jpg 500w, https:\/\/vaskafonds.lv\/wp-content\/uploads\/sites\/3\/2024\/08\/al0_8817-234x300.jpg 234w\" sizes=\"(max-width: 500px) 100vw, 500px\" \/><\/a><figcaption class=\"wp-element-caption\">09.09.2023. Maz\u0101 Me\u017eotnes pils. Koncerts. Trio Palladio \u2013 Reinis Zari\u0146\u0161 (klavieres), Eva Bindere (vijole) un Krist\u012bne Blaumane (\u010dells).  Ludviga van B\u0113thovena un Johannesa Br\u0101msa \u0161edevri, k\u0101 ar\u012b Kristapa P\u0113tersona m\u016bzika. Foto: Aivars Liepi\u0146\u0161<\/figcaption><\/figure>\n\n\n\n<figure class=\"wp-block-image size-large\"><a href=\"https:\/\/vaskafonds.lv\/wp-content\/uploads\/sites\/3\/2024\/08\/al0_8824.jpg\"><img loading=\"lazy\" decoding=\"async\" width=\"500\" height=\"392\" data-id=\"555\" src=\"https:\/\/vaskafonds.lv\/wp-content\/uploads\/sites\/3\/2024\/08\/al0_8824.jpg\" alt=\"\" class=\"wp-image-555\" srcset=\"https:\/\/vaskafonds.lv\/wp-content\/uploads\/sites\/3\/2024\/08\/al0_8824.jpg 500w, https:\/\/vaskafonds.lv\/wp-content\/uploads\/sites\/3\/2024\/08\/al0_8824-300x235.jpg 300w\" sizes=\"(max-width: 500px) 100vw, 500px\" \/><\/a><figcaption class=\"wp-element-caption\">09.09.2023. Maz\u0101 Me\u017eotnes pils. Koncerts. Trio Palladio \u2013 Reinis Zari\u0146\u0161 (klavieres), Eva Bindere (vijole) un Krist\u012bne Blaumane (\u010dells).  Ludviga van B\u0113thovena un Johannesa Br\u0101msa \u0161edevri, k\u0101 ar\u012b Kristapa P\u0113tersona m\u016bzika. Foto: Aivars Liepi\u0146\u0161<\/figcaption><\/figure>\n\n\n\n<figure class=\"wp-block-image size-large\"><a href=\"https:\/\/vaskafonds.lv\/wp-content\/uploads\/sites\/3\/2024\/08\/al0_8805.jpg\"><img loading=\"lazy\" decoding=\"async\" width=\"500\" height=\"344\" data-id=\"559\" src=\"https:\/\/vaskafonds.lv\/wp-content\/uploads\/sites\/3\/2024\/08\/al0_8805.jpg\" alt=\"\" class=\"wp-image-559\" srcset=\"https:\/\/vaskafonds.lv\/wp-content\/uploads\/sites\/3\/2024\/08\/al0_8805.jpg 500w, https:\/\/vaskafonds.lv\/wp-content\/uploads\/sites\/3\/2024\/08\/al0_8805-300x206.jpg 300w\" sizes=\"(max-width: 500px) 100vw, 500px\" \/><\/a><figcaption class=\"wp-element-caption\">09.09.2023. Maz\u0101 Me\u017eotnes pils. Koncerts. Trio Palladio \u2013 Reinis Zari\u0146\u0161 (klavieres), Eva Bindere (vijole) un Krist\u012bne Blaumane (\u010dells).  Ludviga van B\u0113thovena un Johannesa Br\u0101msa \u0161edevri, k\u0101 ar\u012b Kristapa P\u0113tersona m\u016bzika. Foto: Aivars Liepi\u0146\u0161<\/figcaption><\/figure>\n\n\n\n<figure class=\"wp-block-image size-large\"><a href=\"https:\/\/vaskafonds.lv\/wp-content\/uploads\/sites\/3\/2024\/08\/al0_8748.jpg\"><img loading=\"lazy\" decoding=\"async\" width=\"500\" height=\"350\" data-id=\"556\" src=\"https:\/\/vaskafonds.lv\/wp-content\/uploads\/sites\/3\/2024\/08\/al0_8748.jpg\" alt=\"\" class=\"wp-image-556\" srcset=\"https:\/\/vaskafonds.lv\/wp-content\/uploads\/sites\/3\/2024\/08\/al0_8748.jpg 500w, https:\/\/vaskafonds.lv\/wp-content\/uploads\/sites\/3\/2024\/08\/al0_8748-300x210.jpg 300w\" sizes=\"(max-width: 500px) 100vw, 500px\" \/><\/a><figcaption class=\"wp-element-caption\">09.09.2023. Maz\u0101 Me\u017eotnes pils. Koncerts. Trio Palladio \u2013 Reinis Zari\u0146\u0161 (klavieres), Eva Bindere (vijole) un Krist\u012bne Blaumane (\u010dells).  Ludviga van B\u0113thovena un Johannesa Br\u0101msa \u0161edevri, k\u0101 ar\u012b Kristapa P\u0113tersona m\u016bzika. Foto: Aivars Liepi\u0146\u0161<\/figcaption><\/figure>\n\n\n\n<figure class=\"wp-block-image size-large\"><a href=\"https:\/\/vaskafonds.lv\/wp-content\/uploads\/sites\/3\/2024\/08\/al0_8987.jpg\"><img loading=\"lazy\" decoding=\"async\" width=\"500\" height=\"605\" data-id=\"561\" src=\"https:\/\/vaskafonds.lv\/wp-content\/uploads\/sites\/3\/2024\/08\/al0_8987.jpg\" alt=\"\" class=\"wp-image-561\" srcset=\"https:\/\/vaskafonds.lv\/wp-content\/uploads\/sites\/3\/2024\/08\/al0_8987.jpg 500w, https:\/\/vaskafonds.lv\/wp-content\/uploads\/sites\/3\/2024\/08\/al0_8987-248x300.jpg 248w\" sizes=\"(max-width: 500px) 100vw, 500px\" \/><\/a><figcaption class=\"wp-element-caption\">09.09.2023. Maz\u0101 Me\u017eotnes pils. Koncerts. Trio Palladio \u2013 Reinis Zari\u0146\u0161 (klavieres), Eva Bindere (vijole) un Krist\u012bne Blaumane (\u010dells).  Ludviga van B\u0113thovena un Johannesa Br\u0101msa \u0161edevri, k\u0101 ar\u012b Kristapa P\u0113tersona m\u016bzika. Foto: Aivars Liepi\u0146\u0161<\/figcaption><\/figure>\n\n\n\n<figure class=\"wp-block-image size-large\"><a href=\"https:\/\/vaskafonds.lv\/wp-content\/uploads\/sites\/3\/2024\/08\/al0_8978.jpg\"><img loading=\"lazy\" decoding=\"async\" width=\"500\" height=\"401\" data-id=\"563\" src=\"https:\/\/vaskafonds.lv\/wp-content\/uploads\/sites\/3\/2024\/08\/al0_8978.jpg\" alt=\"\" class=\"wp-image-563\" srcset=\"https:\/\/vaskafonds.lv\/wp-content\/uploads\/sites\/3\/2024\/08\/al0_8978.jpg 500w, https:\/\/vaskafonds.lv\/wp-content\/uploads\/sites\/3\/2024\/08\/al0_8978-300x241.jpg 300w\" sizes=\"(max-width: 500px) 100vw, 500px\" \/><\/a><figcaption class=\"wp-element-caption\">09.09.2023. Maz\u0101 Me\u017eotnes pils. Koncerts. Trio Palladio \u2013 Reinis Zari\u0146\u0161 (klavieres), Eva Bindere (vijole) un Krist\u012bne Blaumane (\u010dells).  Ludviga van B\u0113thovena un Johannesa Br\u0101msa \u0161edevri, k\u0101 ar\u012b Kristapa P\u0113tersona m\u016bzika. Foto: Aivars Liepi\u0146\u0161<\/figcaption><\/figure>\n\n\n\n<figure class=\"wp-block-image size-large\"><a href=\"https:\/\/vaskafonds.lv\/wp-content\/uploads\/sites\/3\/2024\/08\/al0_9011.jpg\"><img loading=\"lazy\" decoding=\"async\" width=\"500\" height=\"554\" data-id=\"565\" src=\"https:\/\/vaskafonds.lv\/wp-content\/uploads\/sites\/3\/2024\/08\/al0_9011.jpg\" alt=\"\" class=\"wp-image-565\" srcset=\"https:\/\/vaskafonds.lv\/wp-content\/uploads\/sites\/3\/2024\/08\/al0_9011.jpg 500w, https:\/\/vaskafonds.lv\/wp-content\/uploads\/sites\/3\/2024\/08\/al0_9011-271x300.jpg 271w\" sizes=\"(max-width: 500px) 100vw, 500px\" \/><\/a><figcaption class=\"wp-element-caption\">09.09.2023. Maz\u0101 Me\u017eotnes pils. Koncerts. Trio Palladio \u2013 Reinis Zari\u0146\u0161 (klavieres), Eva Bindere (vijole) un Krist\u012bne Blaumane (\u010dells).  Ludviga van B\u0113thovena un Johannesa Br\u0101msa \u0161edevri, k\u0101 ar\u012b Kristapa P\u0113tersona m\u016bzika. Foto: Aivars Liepi\u0146\u0161<\/figcaption><\/figure>\n\n\n\n<figure class=\"wp-block-image size-large\"><a href=\"https:\/\/vaskafonds.lv\/wp-content\/uploads\/sites\/3\/2024\/08\/al0_9030.jpg\"><img loading=\"lazy\" decoding=\"async\" width=\"500\" height=\"480\" data-id=\"569\" src=\"https:\/\/vaskafonds.lv\/wp-content\/uploads\/sites\/3\/2024\/08\/al0_9030.jpg\" alt=\"\" class=\"wp-image-569\" srcset=\"https:\/\/vaskafonds.lv\/wp-content\/uploads\/sites\/3\/2024\/08\/al0_9030.jpg 500w, https:\/\/vaskafonds.lv\/wp-content\/uploads\/sites\/3\/2024\/08\/al0_9030-300x288.jpg 300w\" sizes=\"(max-width: 500px) 100vw, 500px\" \/><\/a><figcaption class=\"wp-element-caption\">09.09.2023. Maz\u0101 Me\u017eotnes pils. Koncerts. Trio Palladio \u2013 Reinis Zari\u0146\u0161 (klavieres), Eva Bindere (vijole) un Krist\u012bne Blaumane (\u010dells).  Ludviga van B\u0113thovena un Johannesa Br\u0101msa \u0161edevri, k\u0101 ar\u012b Kristapa P\u0113tersona m\u016bzika. Foto: Aivars Liepi\u0146\u0161<\/figcaption><\/figure>\n\n\n\n<figure class=\"wp-block-image size-large\"><a href=\"https:\/\/vaskafonds.lv\/wp-content\/uploads\/sites\/3\/2024\/08\/al0_9036.jpg\"><img loading=\"lazy\" decoding=\"async\" width=\"500\" height=\"337\" data-id=\"567\" src=\"https:\/\/vaskafonds.lv\/wp-content\/uploads\/sites\/3\/2024\/08\/al0_9036.jpg\" alt=\"\" class=\"wp-image-567\" srcset=\"https:\/\/vaskafonds.lv\/wp-content\/uploads\/sites\/3\/2024\/08\/al0_9036.jpg 500w, https:\/\/vaskafonds.lv\/wp-content\/uploads\/sites\/3\/2024\/08\/al0_9036-300x202.jpg 300w\" sizes=\"(max-width: 500px) 100vw, 500px\" \/><\/a><figcaption class=\"wp-element-caption\">09.09.2023. Maz\u0101 Me\u017eotnes pils. Koncerts. Trio Palladio \u2013 Reinis Zari\u0146\u0161 (klavieres), Eva Bindere (vijole) un Krist\u012bne Blaumane (\u010dells).  Ludviga van B\u0113thovena un Johannesa Br\u0101msa \u0161edevri, k\u0101 ar\u012b Kristapa P\u0113tersona m\u016bzika. Foto: Aivars Liepi\u0146\u0161<\/figcaption><\/figure>\n<\/figure>\n","protected":false},"author":4,"featured_media":538,"menu_order":0,"template":"","meta":{"_acf_changed":true},"class_list":["post-537","concert","type-concert","status-publish","has-post-thumbnail","hentry"],"acf":[],"_links":{"self":[{"href":"https:\/\/vaskafonds.lv\/en\/wp-json\/wp\/v2\/concert\/537"}],"collection":[{"href":"https:\/\/vaskafonds.lv\/en\/wp-json\/wp\/v2\/concert"}],"about":[{"href":"https:\/\/vaskafonds.lv\/en\/wp-json\/wp\/v2\/types\/concert"}],"author":[{"embeddable":true,"href":"https:\/\/vaskafonds.lv\/en\/wp-json\/wp\/v2\/users\/4"}],"wp:featuredmedia":[{"embeddable":true,"href":"https:\/\/vaskafonds.lv\/en\/wp-json\/wp\/v2\/media\/538"}],"wp:attachment":[{"href":"https:\/\/vaskafonds.lv\/en\/wp-json\/wp\/v2\/media?parent=537"}],"curies":[{"name":"wp","href":"https:\/\/api.w.org\/{rel}","templated":true}]}}