{"id":497,"date":"2024-08-05T18:33:07","date_gmt":"2024-08-05T18:33:07","guid":{"rendered":"https:\/\/vaskafonds.lv\/?post_type=concert&#038;p=497"},"modified":"2024-08-05T18:33:07","modified_gmt":"2024-08-05T18:33:07","slug":"kremers-osokins-dirvanauskaite","status":"publish","type":"concert","link":"https:\/\/vaskafonds.lv\/en\/koncerti\/kremers-osokins-dirvanauskaite\/","title":{"rendered":"Kr\u0113mers. Osokins. Dirvanauskaite"},"content":{"rendered":"\n<p>2023. gada 7. j\u016blij\u0101 Mazaj\u0101 Me\u017eotnes pil\u012b viesoj\u0101s pasaulslavenais vijolnieks Gidons Kr\u0113mers kop\u0101 ar pianistu Georgiju Osokinu un \u010dellisti Giedri Dirvanauskaiti. Trio sast\u0101v\u0101 vi\u0146i atska\u0146oja Volfganga Amadeja Mocarta Son\u0101ti vijolei ar klavier\u0113m Mibemol ma\u017eor\u0101 K. 481 un P\u0113tera \u010caikovska Trio opus 50.<\/p>\n\n\n\n<p>\u201cVisus atska\u0146ojamos opusus \u013coti m\u012blam. Middelheim\u0101 (Antverpen\u0113) ir slimn\u012bca, kur\u0101 Kan\u010deli \u0101rst\u0113jas p\u0113c sirdstriekas. \u0160is sacer\u0113jums ir rakst\u012bts par godu medi\u0137iem un fizioterapeitiem, kuri vi\u0146u bija izgl\u0101bu\u0161i. Fantastisks aspekts \u2013 komponistam izdev\u0101s no\u0137ert br\u012bdi starp dz\u012bvi un n\u0101vi, sp\u0113c\u012bgi par\u0101dot to m\u016bzik\u0101. Viss \u0161aj\u0101 ska\u0146darb\u0101 ir rakst\u012bts it k\u0101 no komas st\u0101vok\u013ca. Jau k\u0101du laiku m\u0113s ar Gidonu sp\u0113l\u0113jam v\u0113l\u012bn\u0101s Mocarta son\u0101tes. Katra ir absol\u016bti unik\u0101la. Mibemol ma\u017eora son\u0101ti pirmo reizi atska\u0146osim Me\u017eotn\u0113. P\u0113tera \u010caikovska trio m\u016bzika run\u0101 pati par sevi\u2026\u201d<\/p>\n\n\n\n<p>\u2013 Georgijs Osokins<\/p>\n\n\n\n<p>Gidons Kr\u0113mers ir viens no slaven\u0101kajiem Latvijas vijolniekiem. 2016. gad\u0101 starptautiski atz\u012btajam solistam pie\u0161\u0137\u012bra presti\u017eo Praemium Imperiale, ko m\u0113dz d\u0113v\u0113t par Nobela Pr\u0113miju m\u016bzik\u0101. 1997. gad\u0101 Gidons Kr\u0113mers nodibin\u0101ja kameror\u0137estri \u201eKremerata Baltica\u201d, kas pulc\u0113 izcilus jaunos m\u016bzi\u0137us no vis\u0101m trim Baltijas valst\u012bm. Vi\u0146\u0161 un \u201eKremerata Baltica\u201d ir apce\u013coju\u0161i visu pasauli, da\u017e\u0101d\u0101s izdevniec\u012bb\u0101s ierakst\u012bti vair\u0101k nek\u0101 25 albumi. 2002. gada febru\u0101r\u012b Gidons Kr\u0113mers un \u201eKremerata Baltica\u201d sa\u0146\u0113ma \u201eGrammy\u201d balvu \u201eLab\u0101kais izpild\u012bjums\u201d mazo ansamb\u013cu kategorij\u0101 par ierakstu \u201eAfter Mozart (Nonesuch)\u201d.<\/p>\n\n\n\n<p>Jau desmit gadu vecum\u0101 Georgijs Osokins pirmo reizi uzst\u0101jies ar or\u0137estri, dr\u012bz p\u0113c tam k\u013cuva par laure\u0101tu IX starptautiskaj\u0101 Aleksandra Skrjabina pianistu konkurs\u0101 Par\u012bz\u0113 (2009). Sa\u0146\u0113mis Frederika \u0160op\u0113na pr\u0113miju XXII starptautiskaj\u0101 konkurs\u0101 Monc\u0101 (It\u0101lija), 2014. gad\u0101 uzvar\u0113ja IX starptautiskaj\u0101 \u0160op\u0113na jauno pianistu konkurs\u0101 \u0136\u012bn\u0101. P\u0113c fin\u0101la \u0160op\u0113na konkurs\u0101 2015. gad\u0101 vi\u0146\u0161 k\u013cuva par sens\u0101ciju, no kriti\u0137iem izpelnoties epitetus \u201eneparedzams, p\u0101r\u0101k revolucion\u0101rs, lai b\u016btu uzvar\u0113t\u0101js\u201d.<\/p>\n\n\n\n<p>Lietuvie\u0161u \u010delliste, vair\u0101ku konkursu laure\u0101te Giedre Dirvanauskaite ir \u010dellu grupas l\u012bdere or\u0137estr\u012b \u201cKremerata Baltica\u201d, kura dal\u012bbniece vi\u0146a ir kop\u0161 1997. gada. K\u0101 soliste Giedre Dirvanauskaite ir uzst\u0101jusies ar daudziem da\u017e\u0101diem Eiropas, \u0100zijas un Tuvo Austrumu kameror\u0137estriem un simfoniskajiem or\u0137estriem.<\/p>\n\n\n\n<p><a href=\"https:\/\/acrobat.adobe.com\/id\/urn:aaid:sc:eu:1c0984ac-598d-4db0-a713-490f6cca1b94\" rel=\"nofollow noopener\">Koncerta programma ar detaliz\u0113t\u0101ku inform\u0101ciju.<\/a><\/p>\n\n\n\n<figure class=\"wp-block-image size-full\"><img fetchpriority=\"high\" decoding=\"async\" width=\"1000\" height=\"667\" src=\"https:\/\/vaskafonds.lv\/wp-content\/uploads\/sites\/3\/2024\/08\/359835193_2841089496033650_1260626752262208507_n.jpg\" alt=\"\" class=\"wp-image-498\" srcset=\"https:\/\/vaskafonds.lv\/wp-content\/uploads\/sites\/3\/2024\/08\/359835193_2841089496033650_1260626752262208507_n.jpg 1000w, https:\/\/vaskafonds.lv\/wp-content\/uploads\/sites\/3\/2024\/08\/359835193_2841089496033650_1260626752262208507_n-300x200.jpg 300w, https:\/\/vaskafonds.lv\/wp-content\/uploads\/sites\/3\/2024\/08\/359835193_2841089496033650_1260626752262208507_n-768x512.jpg 768w\" sizes=\"(max-width: 1000px) 100vw, 1000px\" \/><\/figure>\n","protected":false},"author":4,"featured_media":500,"menu_order":0,"template":"","meta":{"_acf_changed":true},"class_list":["post-497","concert","type-concert","status-publish","has-post-thumbnail","hentry"],"acf":[],"_links":{"self":[{"href":"https:\/\/vaskafonds.lv\/en\/wp-json\/wp\/v2\/concert\/497"}],"collection":[{"href":"https:\/\/vaskafonds.lv\/en\/wp-json\/wp\/v2\/concert"}],"about":[{"href":"https:\/\/vaskafonds.lv\/en\/wp-json\/wp\/v2\/types\/concert"}],"author":[{"embeddable":true,"href":"https:\/\/vaskafonds.lv\/en\/wp-json\/wp\/v2\/users\/4"}],"wp:featuredmedia":[{"embeddable":true,"href":"https:\/\/vaskafonds.lv\/en\/wp-json\/wp\/v2\/media\/500"}],"wp:attachment":[{"href":"https:\/\/vaskafonds.lv\/en\/wp-json\/wp\/v2\/media?parent=497"}],"curies":[{"name":"wp","href":"https:\/\/api.w.org\/{rel}","templated":true}]}}