{"id":416,"date":"2024-08-05T18:12:35","date_gmt":"2024-08-05T18:12:35","guid":{"rendered":"https:\/\/vaskafonds.lv\/?post_type=concert&#038;p=416"},"modified":"2024-08-05T18:20:53","modified_gmt":"2024-08-05T18:20:53","slug":"peteris-vasks-ieludz-vasara-mezotne-2022","status":"publish","type":"concert","link":"https:\/\/vaskafonds.lv\/en\/koncerti\/peteris-vasks-ieludz-vasara-mezotne-2022\/","title":{"rendered":"\u201cP\u0113teris Vasks iel\u016bdz. Vasara. Me\u017eotne\u201c 2022"},"content":{"rendered":"\n<p>Divu P\u0113tera Vaska fonda pas\u016bt\u012btu jaundarbu pirmatska\u0146ojumi gaid\u0101mi latvie\u0161u komponistu m\u016bzikas programm\u0101, kuru 30. j\u016blija vakar\u0101 Mazaj\u0101 Me\u017eotnes pil\u012b pied\u0101v\u0101s tradicion\u0101lais P\u0113tera Vaska fonda koncerts \u201cP\u0113teris Vasks iel\u016bdz. Vasara. Me\u017eotne\u201d.&nbsp;<\/p>\n\n\n\n<p>Klaus\u012bt\u0101jiem \u0161\u012b b\u016bs iesp\u0113ja iepaz\u012bt Austr\u0101lijas latvie\u0161u komponistes Ellas Ma\u010d\u0113nas m\u016bziku&nbsp; \u00abTrio <em>The Brightest Star In The Night (Nakts spo\u017e\u0101k\u0101 zvaigzne)<\/em>\u00bb<em> <\/em>vijolei, klavier\u0113m un \u010dellam. \u00abTas atspogu\u013co dz\u012bves cikliskumu un m\u016bsu pa\u0161u papla\u0161in\u0101\u0161anos mums atv\u0113l\u0113taj\u0101 laik\u0101 uz Zemes. \u0160\u012b m\u016bzika ir velt\u012bjums manam vect\u0113vam J\u0101vim Macenam, kuram \u0161\u012b darba tap\u0161anas laik\u0101 ir 94 gadi. T\u0101 godina vi\u0146a v\u0113l\u012bno gadu reflekt\u0113jo\u0161o dabu, liekot priek\u0161pl\u0101n\u0101 m\u012blest\u012bbas, pateic\u012bbas, gudr\u012bbas un saiknes saj\u016btu,\u00bb autore saka par savu jaundarbu, kur\u0161 piedz\u012bvos pirmatska\u0146ojumu presti\u017e\u0101kaj\u0101s Francijas un Be\u013c\u0123ijas m\u016bzikas augstskol\u0101s izstud\u0113ju\u0161\u0101s vijolnieces, fran\u010du st\u012bgu kvarteta <em>Akilone <\/em>l\u012bderes Magdal\u0113nas Gekas, \u0160veic\u0113 skolot\u0101s un dz\u012bvojo\u0161\u0101s \u010dellistes Guntas \u0100beles un it\u0101\u013cu pianista D\u017eovanni Fornaz\u012bni interpret\u0101cij\u0101.&nbsp;&nbsp;&nbsp;&nbsp;&nbsp;<\/p>\n\n\n\n<p>Otra jaundarba Mat\u012bss \u010cudars (1991) dro\u0161i d\u0113v\u0113jams par vienu no daudzpus\u012bg\u0101kajiem un koncertdz\u012bv\u0113 akt\u012bv\u0101kajiem latvie\u0161u \u0123it\u0101ristiem. Savulaik R\u012bgas Doma kora skol\u0101 un Amsterdamas Konservatorij\u0101 skolotais m\u016bzi\u0137is arvien bie\u017e\u0101k sevi piesaka ar\u012b jaunrad\u0113, kompon\u0113jot savam Mat\u012bsa \u010cudara trio, eksperiment\u0101l\u0101 d\u017eeza trio <em>Auzi\u0146\u0161. \u010cudars. Arutyunyan<\/em>, k\u0101 ar\u012b Latvijas Radio Korim, Latvijas Nacion\u0101lajam simfoniskajam or\u0137estrim, kameror\u0137estrim <em>Sinfonietta R\u012bga<\/em> un kameransamb\u013ciem. 2018. gad\u0101 vi\u0146\u0161 nomin\u0113ts Lielajai m\u016bzikas balvai kategorij\u0101 \u00abGada m\u016bzi\u0137is\u00bb, 2019. gad\u0101 ieguvis ierakstu m\u016bzikas balvu \u00abZelta Mikrofons\u00bb par <em>Auzi\u0146\u0161. \u010cudars. Arutyunyan<\/em> albumu <em>Baltic<\/em>. Kop\u0161 2020. gada stud\u0113 kompoz\u012bciju Jeila universit\u0101tes M\u016bzikas skol\u0101 (Yale School of Music).<\/p>\n\n\n\n<p>Mat\u012bss \u010cudars pats savu m\u016bziku raksturo k\u0101 eklektisku moza\u012bku, kuru vi\u0146a daudzpus\u012bg\u0101s m\u016bzi\u0137a dz\u012bves laik\u0101 veidoju\u0161i visda\u017e\u0101d\u0101kie \u017eanri un est\u0113tikas: no math-met\u0101la l\u012bdz gregoriskajiem dzied\u0101jumiem. Vi\u0146a m\u016bziku un \u0123it\u0101rsp\u0113li ir gr\u016bti ielikt \u00abr\u0101mjos\u00bb un t\u0101 ir nemit\u012bgi main\u012bga. Duetu vijolei un \u010dellam kompon\u0113jis, atrodoties da\u017e\u0101d\u0101s vid\u0113s: Jeila universit\u0101tes studentu pils\u0113ti\u0146\u0101, \u0145ujorkas metro, J\u016brmal\u0101 un Drustu pagasta me\u017e\u0101. \u00abTas, iesp\u0113jams, izskaidro ska\u0146darba st\u016brain\u012bbu un sv\u0101rst\u012bbas starp harmonisku mieru un elektriz\u0113tu kust\u012bbu uz priek\u0161u. Galu gal\u0101 ska\u0146darbs svin skaistumu un t\u0101 pirmatska\u0146ot\u0101ju \u2013 Magdal\u0113nas Gekas un Guntas \u0100beles muzikalit\u0101ti un satik\u0161anos P\u0113tera Vaska fonda koncert\u0101 Me\u017eotnes pil\u012b.\u00bb<\/p>\n\n\n\n<p>Gaid\u0101mais koncerts kopum\u0101 svin latvie\u0161u m\u016bzikas daudzveid\u012bbu un Me\u017eotnes dabas iedvesmojo\u0161o skaistumu. L\u012bdz\u0101s jaundarbu pirmatska\u0146ojumiem programm\u0101 iek\u013cauti Romualda Kalsona, P\u0113tera Vaska un Maijas Einfeldes ska\u0146darbi. Klaus\u012bt\u0101ji no jauna tiks iepaz\u012bstin\u0101ti ar J\u0101\u0146a Medi\u0146a p\u0113ckara b\u0113g\u013cu gait\u0101s Zviedrij\u0101 sacer\u0113to otro Trio.<\/p>\n\n\n\n<hr class=\"wp-block-separator has-alpha-channel-opacity\"\/>\n\n\n\n<p>Koncerta ieraksts &#8211; <a href=\"https:\/\/klasika.lsm.lv\/lv\/raksts\/latvijas-koncertzales\/magdalena-geka-gunta-abele-un-dzovanni-fornazini-mazaja-mezotnes.a165288\" rel=\"nofollow noopener\">https:\/\/klasika.lsm.lv\/lv\/raksts\/latvijas-koncertzales\/magdalena-geka-gunta-abele-un-dzovanni-fornazini-mazaja-mezotnes.a165288<\/a><\/p>\n\n\n\n<p>Sestdien plkst. 19:00 Mazaj\u0101 Me\u017eotnes pil\u012b norisin\u0101j\u0101s tradicion\u0101lais P\u0113tera Vaska fonda vasaras koncerts \u201cP\u0113teris Vasks iel\u016bdz. Vasara. Me\u017eotne\u201d, kur\u0101 uzst\u0101j\u0101s Gunta \u0100bele (\u010dells), D\u017eovanni Fornaz\u012bni (Giovanni Fornasini, klavieres) un Magdal\u0113na Geka (vijole). M\u016bzi\u0137u trio \u0161\u012b bija publisk\u0101 debija.<\/p>\n\n\n\n<p>Koncert\u0101 atska\u0146oja Romualda Kalsona, Maijas Einfeldes, P\u0113tera Vaska un J\u0101\u0146a Medi\u0146a opusus, k\u0101 ar\u012b divus jaundarbus: Mat\u012bsa \u010cudara Duetu vijolei un \u010dellam, k\u0101 ar\u012b Ellas Ma\u010d\u0113nas jaundarbu vijolei, klavier\u0113m un \u010dellam \u2013 \u201cThe Brightest Star In The Night\u201d.<\/p>\n\n\n\n<p>Pil\u012b norisin\u0101j\u0101s ar\u012b Maz\u0101s Me\u017eotnes pils plen\u0113ra 2022 atkl\u0101\u0161anas pas\u0101kums. Plen\u0113r\u0101 izst\u0101d\u012bti Andras Otto-Hvoinskas, D\u0101vja Ozola, Krist\u012bnas Keires, Madaras Neikenas un Daigas Kr\u016bzes darbi.<\/p>\n\n\n\n<figure class=\"wp-block-gallery has-nested-images columns-default is-cropped wp-block-gallery-1 is-layout-flex wp-block-gallery-is-layout-flex\">\n<figure class=\"wp-block-image size-full\"><img fetchpriority=\"high\" decoding=\"async\" width=\"300\" height=\"200\" data-id=\"425\" src=\"https:\/\/vaskafonds.lv\/wp-content\/uploads\/sites\/3\/2024\/08\/publika2.jpg\" alt=\"\" class=\"wp-image-425\"\/><figcaption class=\"wp-element-caption\">30.07.2022. Maz\u0101 Me\u017eotnes pils. P\u0113teris Vasks iel\u016bdz. Vasara. Me\u017eotne. Gunta \u0100bele &#8211; \u010dells. Magdal\u0113na Geka &#8211; vijole. Giovanni Fornasini &#8211; klavieres. Foto: Aivars Liepi\u0146\u0161<\/figcaption><\/figure>\n\n\n\n<figure class=\"wp-block-image size-large\"><a href=\"https:\/\/vaskafonds.lv\/wp-content\/uploads\/sites\/3\/2024\/08\/publika.jpg\"><img decoding=\"async\" width=\"300\" height=\"350\" data-id=\"424\" src=\"https:\/\/vaskafonds.lv\/wp-content\/uploads\/sites\/3\/2024\/08\/publika.jpg\" alt=\"\" class=\"wp-image-424\" srcset=\"https:\/\/vaskafonds.lv\/wp-content\/uploads\/sites\/3\/2024\/08\/publika.jpg 300w, https:\/\/vaskafonds.lv\/wp-content\/uploads\/sites\/3\/2024\/08\/publika-257x300.jpg 257w\" sizes=\"(max-width: 300px) 100vw, 300px\" \/><\/a><figcaption class=\"wp-element-caption\">30.07.2022. Maz\u0101 Me\u017eotnes pils. P\u0113teris Vasks iel\u016bdz. Vasara. Me\u017eotne. Gunta \u0100bele &#8211; \u010dells. Magdal\u0113na Geka &#8211; vijole. Giovanni Fornasini &#8211; klavieres. Foto: Aivars Liepi\u0146\u0161<\/figcaption><\/figure>\n\n\n\n<figure class=\"wp-block-image size-large\"><a href=\"https:\/\/vaskafonds.lv\/wp-content\/uploads\/sites\/3\/2024\/08\/publika3.jpg\"><img decoding=\"async\" width=\"300\" height=\"200\" data-id=\"421\" src=\"https:\/\/vaskafonds.lv\/wp-content\/uploads\/sites\/3\/2024\/08\/publika3.jpg\" alt=\"\" class=\"wp-image-421\"\/><\/a><figcaption class=\"wp-element-caption\">30.07.2022. Maz\u0101 Me\u017eotnes pils. P\u0113teris Vasks iel\u016bdz. Vasara. Me\u017eotne. Gunta \u0100bele &#8211; \u010dells. Magdal\u0113na Geka &#8211; vijole. Giovanni Fornasini &#8211; klavieres. Foto: Aivars Liepi\u0146\u0161<\/figcaption><\/figure>\n\n\n\n<figure class=\"wp-block-image size-full\"><img loading=\"lazy\" decoding=\"async\" width=\"300\" height=\"200\" data-id=\"423\" src=\"https:\/\/vaskafonds.lv\/wp-content\/uploads\/sites\/3\/2024\/08\/pleners.jpg\" alt=\"\" class=\"wp-image-423\"\/><figcaption class=\"wp-element-caption\">30.07.2022. Maz\u0101 Me\u017eotnes pils. P\u0113teris Vasks iel\u016bdz. Vasara. Me\u017eotne. Gunta \u0100bele &#8211; \u010dells. Magdal\u0113na Geka &#8211; vijole. Giovanni Fornasini &#8211; klavieres. Vasaras plen\u0113ra nosl\u0113gums. Foto: Aivars Liepi\u0146\u0161<\/figcaption><\/figure>\n\n\n\n<figure class=\"wp-block-image size-full\"><img loading=\"lazy\" decoding=\"async\" width=\"300\" height=\"208\" data-id=\"426\" src=\"https:\/\/vaskafonds.lv\/wp-content\/uploads\/sites\/3\/2024\/08\/peterisvaskspublikasprieksa.jpg\" alt=\"\" class=\"wp-image-426\"\/><figcaption class=\"wp-element-caption\">30.07.2022. Maz\u0101 Me\u017eotnes pils. P\u0113teris Vasks iel\u016bdz. Vasara. Me\u017eotne. Gunta \u0100bele &#8211; \u010dells. Magdal\u0113na Geka &#8211; vijole. Giovanni Fornasini &#8211; klavieres. Foto: Aivars Liepi\u0146\u0161<\/figcaption><\/figure>\n\n\n\n<figure class=\"wp-block-image size-large\"><a href=\"https:\/\/vaskafonds.lv\/wp-content\/uploads\/sites\/3\/2024\/08\/peterisungunta.jpg\"><img loading=\"lazy\" decoding=\"async\" width=\"300\" height=\"308\" data-id=\"427\" src=\"https:\/\/vaskafonds.lv\/wp-content\/uploads\/sites\/3\/2024\/08\/peterisungunta.jpg\" alt=\"\" class=\"wp-image-427\" srcset=\"https:\/\/vaskafonds.lv\/wp-content\/uploads\/sites\/3\/2024\/08\/peterisungunta.jpg 300w, https:\/\/vaskafonds.lv\/wp-content\/uploads\/sites\/3\/2024\/08\/peterisungunta-292x300.jpg 292w\" sizes=\"(max-width: 300px) 100vw, 300px\" \/><\/a><figcaption class=\"wp-element-caption\">30.07.2022. Maz\u0101 Me\u017eotnes pils. P\u0113teris Vasks iel\u016bdz. Vasara. Me\u017eotne. Gunta \u0100bele &#8211; \u010dells. Magdal\u0113na Geka &#8211; vijole. Giovanni Fornasini &#8211; klavieres. Foto: Aivars Liepi\u0146\u0161<\/figcaption><\/figure>\n\n\n\n<figure class=\"wp-block-image size-large\"><a href=\"https:\/\/vaskafonds.lv\/wp-content\/uploads\/sites\/3\/2024\/08\/peterispublikasprieksa.jpg\"><img loading=\"lazy\" decoding=\"async\" width=\"300\" height=\"256\" data-id=\"430\" src=\"https:\/\/vaskafonds.lv\/wp-content\/uploads\/sites\/3\/2024\/08\/peterispublikasprieksa.jpg\" alt=\"\" class=\"wp-image-430\"\/><\/a><figcaption class=\"wp-element-caption\">30.07.2022. Maz\u0101 Me\u017eotnes pils. P\u0113teris Vasks iel\u016bdz. Vasara. Me\u017eotne. Gunta \u0100bele &#8211; \u010dells. Magdal\u0113na Geka &#8211; vijole. Giovanni Fornasini &#8211; klavieres. Foto: Aivars Liepi\u0146\u0161<\/figcaption><\/figure>\n\n\n\n<figure class=\"wp-block-image size-full\"><img loading=\"lazy\" decoding=\"async\" width=\"300\" height=\"256\" data-id=\"432\" src=\"https:\/\/vaskafonds.lv\/wp-content\/uploads\/sites\/3\/2024\/08\/muzikiunregina.jpg\" alt=\"\" class=\"wp-image-432\"\/><figcaption class=\"wp-element-caption\">30.07.2022. Maz\u0101 Me\u017eotnes pils. P\u0113teris Vasks iel\u016bdz. Vasara. Me\u017eotne. Gunta \u0100bele &#8211; \u010dells. Magdal\u0113na Geka &#8211; vijole. Giovanni Fornasini &#8211; klavieres. Foto: Aivars Liepi\u0146\u0161<\/figcaption><\/figure>\n\n\n\n<figure class=\"wp-block-image size-large\"><a href=\"https:\/\/vaskafonds.lv\/wp-content\/uploads\/sites\/3\/2024\/08\/matisscudars.jpg\"><img loading=\"lazy\" decoding=\"async\" width=\"300\" height=\"259\" data-id=\"435\" src=\"https:\/\/vaskafonds.lv\/wp-content\/uploads\/sites\/3\/2024\/08\/matisscudars.jpg\" alt=\"\" class=\"wp-image-435\"\/><\/a><figcaption class=\"wp-element-caption\">30.07.2022. Maz\u0101 Me\u017eotnes pils. P\u0113teris Vasks iel\u016bdz. Vasara. Me\u017eotne. Gunta \u0100bele &#8211; \u010dells. Magdal\u0113na Geka &#8211; vijole. Giovanni Fornasini &#8211; klavieres. Mat\u012bss \u010cudars &#8211; komponists. Foto: Aivars Liepi\u0146\u0161<\/figcaption><\/figure>\n\n\n\n<figure class=\"wp-block-image size-large\"><a href=\"https:\/\/vaskafonds.lv\/wp-content\/uploads\/sites\/3\/2024\/08\/maralace.jpg\"><img loading=\"lazy\" decoding=\"async\" width=\"300\" height=\"200\" data-id=\"433\" src=\"https:\/\/vaskafonds.lv\/wp-content\/uploads\/sites\/3\/2024\/08\/maralace.jpg\" alt=\"\" class=\"wp-image-433\"\/><\/a><figcaption class=\"wp-element-caption\">30.07.2022. Maz\u0101 Me\u017eotnes pils. P\u0113teris Vasks iel\u016bdz. Vasara. Me\u017eotne. Gunta \u0100bele &#8211; \u010dells. Magdal\u0113na Geka &#8211; vijole. Giovanni Fornasini &#8211; klavieres. Foto: Aivars Liepi\u0146\u0161<\/figcaption><\/figure>\n\n\n\n<figure class=\"wp-block-image size-large\"><a href=\"https:\/\/vaskafonds.lv\/wp-content\/uploads\/sites\/3\/2024\/08\/laimdotastraujuma.jpg\"><img loading=\"lazy\" decoding=\"async\" width=\"300\" height=\"451\" data-id=\"437\" src=\"https:\/\/vaskafonds.lv\/wp-content\/uploads\/sites\/3\/2024\/08\/laimdotastraujuma.jpg\" alt=\"\" class=\"wp-image-437\" srcset=\"https:\/\/vaskafonds.lv\/wp-content\/uploads\/sites\/3\/2024\/08\/laimdotastraujuma.jpg 300w, https:\/\/vaskafonds.lv\/wp-content\/uploads\/sites\/3\/2024\/08\/laimdotastraujuma-200x300.jpg 200w\" sizes=\"(max-width: 300px) 100vw, 300px\" \/><\/a><figcaption class=\"wp-element-caption\">30.07.2022. Maz\u0101 Me\u017eotnes pils. P\u0113teris Vasks iel\u016bdz. Vasara. Me\u017eotne. Gunta \u0100bele &#8211; \u010dells. Magdal\u0113na Geka &#8211; vijole. Giovanni Fornasini &#8211; klavieres. Foto: Aivars Liepi\u0146\u0161<\/figcaption><\/figure>\n\n\n\n<figure class=\"wp-block-image size-large\"><a href=\"https:\/\/vaskafonds.lv\/wp-content\/uploads\/sites\/3\/2024\/08\/komponistsunlmb.jpg\"><img loading=\"lazy\" decoding=\"async\" width=\"300\" height=\"243\" data-id=\"436\" src=\"https:\/\/vaskafonds.lv\/wp-content\/uploads\/sites\/3\/2024\/08\/komponistsunlmb.jpg\" alt=\"\" class=\"wp-image-436\"\/><\/a><figcaption class=\"wp-element-caption\">30.07.2022. Maz\u0101 Me\u017eotnes pils. P\u0113teris Vasks iel\u016bdz. Vasara. Me\u017eotne. Gunta \u0100bele &#8211; \u010dells. Magdal\u0113na Geka &#8211; vijole. Giovanni Fornasini &#8211; klavieres. Foto: Aivars Liepi\u0146\u0161<\/figcaption><\/figure>\n\n\n\n<figure class=\"wp-block-image size-large\"><a href=\"https:\/\/vaskafonds.lv\/wp-content\/uploads\/sites\/3\/2024\/08\/gekafornasiniunabele.jpg\"><img loading=\"lazy\" decoding=\"async\" width=\"300\" height=\"209\" data-id=\"441\" src=\"https:\/\/vaskafonds.lv\/wp-content\/uploads\/sites\/3\/2024\/08\/gekafornasiniunabele.jpg\" alt=\"\" class=\"wp-image-441\"\/><\/a><figcaption class=\"wp-element-caption\">30.07.2022. Maz\u0101 Me\u017eotnes pils. P\u0113teris Vasks iel\u016bdz. Vasara. Me\u017eotne. Gunta \u0100bele &#8211; \u010dells. Magdal\u0113na Geka &#8211; vijole. Giovanni Fornasini &#8211; klavieres. Foto: Aivars Liepi\u0146\u0161<\/figcaption><\/figure>\n\n\n\n<figure class=\"wp-block-image size-large\"><a href=\"https:\/\/vaskafonds.lv\/wp-content\/uploads\/sites\/3\/2024\/08\/deicmani.jpg\"><img loading=\"lazy\" decoding=\"async\" width=\"300\" height=\"220\" data-id=\"443\" src=\"https:\/\/vaskafonds.lv\/wp-content\/uploads\/sites\/3\/2024\/08\/deicmani.jpg\" alt=\"\" class=\"wp-image-443\"\/><\/a><figcaption class=\"wp-element-caption\">30.07.2022. Maz\u0101 Me\u017eotnes pils. P\u0113teris Vasks iel\u016bdz. Vasara. Me\u017eotne. Gunta \u0100bele &#8211; \u010dells. Magdal\u0113na Geka &#8211; vijole. Giovanni Fornasini &#8211; klavieres. Foto: Aivars Liepi\u0146\u0161<\/figcaption><\/figure>\n<\/figure>\n\n\n\n<div class=\"wp-block-buttons is-layout-flex wp-block-buttons-is-layout-flex\"><\/div>\n","protected":false},"author":4,"featured_media":417,"menu_order":0,"template":"","meta":{"_acf_changed":false},"class_list":["post-416","concert","type-concert","status-publish","has-post-thumbnail","hentry"],"acf":[],"_links":{"self":[{"href":"https:\/\/vaskafonds.lv\/en\/wp-json\/wp\/v2\/concert\/416"}],"collection":[{"href":"https:\/\/vaskafonds.lv\/en\/wp-json\/wp\/v2\/concert"}],"about":[{"href":"https:\/\/vaskafonds.lv\/en\/wp-json\/wp\/v2\/types\/concert"}],"author":[{"embeddable":true,"href":"https:\/\/vaskafonds.lv\/en\/wp-json\/wp\/v2\/users\/4"}],"wp:featuredmedia":[{"embeddable":true,"href":"https:\/\/vaskafonds.lv\/en\/wp-json\/wp\/v2\/media\/417"}],"wp:attachment":[{"href":"https:\/\/vaskafonds.lv\/en\/wp-json\/wp\/v2\/media?parent=416"}],"curies":[{"name":"wp","href":"https:\/\/api.w.org\/{rel}","templated":true}]}}