{"id":390,"date":"2024-08-05T18:01:51","date_gmt":"2024-08-05T18:01:51","guid":{"rendered":"https:\/\/vaskafonds.lv\/?post_type=concert&#038;p=390"},"modified":"2024-08-05T18:01:51","modified_gmt":"2024-08-05T18:01:51","slug":"peteris-vasks-ieludz-rudens-sigulda-2","status":"publish","type":"concert","link":"https:\/\/vaskafonds.lv\/en\/koncerti\/peteris-vasks-ieludz-rudens-sigulda-2\/","title":{"rendered":"P\u0113teris Vasks iel\u016bdz. Rudens. Sigulda"},"content":{"rendered":"\n<p>P\u0113tera Vaska fonds 21.novembr\u012b plkst.19 aicina uz koncerta \u00abP\u0113teris Vasks iel\u016bdz. Rudens. Sigulda\u00bb tie\u0161raidi no Siguldas Koncertz\u0101les Baltais Fl\u012b\u0123elis.<br>To bez maksas var\u0113s v\u0113rot Balt\u0101 Fl\u012b\u0123e\u013ca un P\u0113tera Vaska fonda Facebook lap\u0101s!<\/p>\n\n\n\n<p>Koncert\u0101 piedal\u012bsies vijolniece Magdal\u0113na Geka un pianiste Iveta C\u0101l\u012bte.<br>Programm\u0101 Vaska fonda pas\u016btin\u0101tie jaundarbi: izsmalcin\u0101t\u0101s latvie\u0161u komponistes Santas Bu\u0161s opuss un Platona Buravicka ska\u0146darbs \u00abDarba instrumenta restaur\u0101cija\u00bb. T\u0101pat koncert\u0101 b\u016bs dzirdama ret\u0101 J\u0101\u0146a Medi\u0146a 1.Son\u0101te vijolei un klavier\u0113m (1946), un cita latvie\u0161u klasisk\u0101 kamerm\u016bzika.<\/p>\n\n\n\n<p>Vijolniece Magdal\u0113na Geka koncert\u0113 vis\u0101 Eirop\u0101 gan k\u0101 soliste, gan k\u0101 kamerm\u016bzi\u0137e, uzst\u0101joties Vigmora z\u0101l\u0113 London\u0101, Par\u012bzes Filharmonij\u0101, \u00abHerkulessaal\u00bb Minhen\u0113 un citur. Latvijas publikai vi\u0146as v\u0101rds ir paz\u012bstams kop\u0161 spo\u017e\u0101s debijas ar Latvijas Nacion\u0101lo simfonisko or\u0137estri 2014.gada ruden\u012b, kam sekoja nomin\u0101cija \u00abLielajai M\u016bzikas balvai\u00bb.<br>Magdal\u0113na Geka ieguvusi ma\u0123istra gr\u0101du Par\u012bzes Nacion\u0101laj\u0101 augst\u0101kaj\u0101 m\u016bzikas un dejas konservatorij\u0101 (CNSMDP) vijoles un kameransamb\u013ca specialit\u0101t\u0113, kur \u0161obr\u012bd turpina studijas presti\u017eaj\u0101 \u00abM\u0101kslinieka diploma\u00bb programm\u0101 (Artist Diploma).<br>Magdal\u0113na sp\u0113l\u0113 1734.gad\u0101 darin\u0101tu Alessandro Gagliano vijoli, ko vi\u0146ai laipni aizdevis Anima Music Foundation.<\/p>\n\n\n\n<p>Pianiste Iveta C\u0101l\u012bte akt\u012bvi koncert\u0113 gan solo un ir piepras\u012bta kamerm\u016bzi\u0137e da\u017e\u0101dos kameransamb\u013cu sast\u0101vos Zviedrij\u0101, Francij\u0101, Latvij\u0101, Lietuv\u0101, Norv\u0113\u0123ij\u0101. Sp\u0113l\u0113jusi Mocarta klavierkoncertu ar Stokholmas Karalisk\u0101s M\u016bzikas akad\u0113mijas st\u012bgu or\u0137estri, k\u0101 ar\u012b izc\u012bn\u012bjusi iesp\u0113ju sp\u0113l\u0113t M.Rav\u0113la Sol ma\u017eora klavierkoncertu ar akad\u0113mijas simfonisko or\u0137estri un Danielu Blendulfu pie diri\u0123enta pults.<br>Iveta stud\u0113jusi Alfr\u0113da Korto m\u016bzikas augstskol\u0101 Par\u012bz\u0113, Francij\u0101 pie profesora Jean-Marc Luisada. P\u0113c tam studijas turpin\u0101jusi Stokholmas Karaliskaj\u0101 m\u016bzikas augstskol\u0101, Zviedrij\u0101 pie profesora Stefan Bojsten un Mats Widlund, kur ieguvusi ma\u0123istra gr\u0101du un solista diplomu. Iveta ir Stokholmas Karalisk\u0101s m\u016bzikas akad\u0113mijas, k\u0101 ar\u012b Zviedrijas br\u012bvm\u016brnieku orde\u0146a stipendi\u0101te.<\/p>\n\n\n\n<p>Vair\u0101k inform\u0101cijas:<br>Reg\u012bna Dei\u010dmane, Vaska fonda koordinatore<br>E-pasts: regina.deicmane@gmail.com<br>Agnese Geka, Vaska fonds<br>Mob. t\u0101lr. 37128680279; e-pasts: peteravaskafonds@gmail.com<\/p>\n","protected":false},"author":4,"featured_media":391,"menu_order":0,"template":"","meta":{"_acf_changed":true},"class_list":["post-390","concert","type-concert","status-publish","has-post-thumbnail","hentry"],"acf":[],"_links":{"self":[{"href":"https:\/\/vaskafonds.lv\/en\/wp-json\/wp\/v2\/concert\/390"}],"collection":[{"href":"https:\/\/vaskafonds.lv\/en\/wp-json\/wp\/v2\/concert"}],"about":[{"href":"https:\/\/vaskafonds.lv\/en\/wp-json\/wp\/v2\/types\/concert"}],"author":[{"embeddable":true,"href":"https:\/\/vaskafonds.lv\/en\/wp-json\/wp\/v2\/users\/4"}],"wp:featuredmedia":[{"embeddable":true,"href":"https:\/\/vaskafonds.lv\/en\/wp-json\/wp\/v2\/media\/391"}],"wp:attachment":[{"href":"https:\/\/vaskafonds.lv\/en\/wp-json\/wp\/v2\/media?parent=390"}],"curies":[{"name":"wp","href":"https:\/\/api.w.org\/{rel}","templated":true}]}}