{"id":381,"date":"2024-08-05T17:59:14","date_gmt":"2024-08-05T17:59:14","guid":{"rendered":"https:\/\/vaskafonds.lv\/?post_type=concert&#038;p=381"},"modified":"2024-08-06T07:10:19","modified_gmt":"2024-08-06T07:10:19","slug":"peteris-vasks-ieludz-vasara-mezotne-3","status":"publish","type":"concert","link":"https:\/\/vaskafonds.lv\/en\/koncerti\/peteris-vasks-ieludz-vasara-mezotne-3\/","title":{"rendered":"P\u0112TERIS VASKS IEL\u016aDZ. VASARA. ME\u017dOTNE"},"content":{"rendered":"\n<p>9.august\u0101 jau dev\u012bto reizi Mazaj\u0101 Me\u017eotnes pil\u012b norisin\u0101sies noz\u012bm\u012bg\u0101kais P\u0113tera Vaska fonda koncerts \u201cP\u0113teris Vaska iel\u016bdz. Vasara. Me\u017eotne\u201d. \u0160ogad ar koncertu pil\u012b atgriez\u012bsies vijolniece Magdal\u0113na Geka un pianists Georgs Kjurdians. Koncerta s\u0101kums \u2013&nbsp; plkst.19.<\/p>\n\n\n\n<p>K\u0101 katru gadu, koncert\u0101 tiks pirmatska\u0146oti P\u0113tera Vaska fonda pas\u016btin\u0101tie jaundarbi. Viena no komponistiem, kuriem fonds pas\u016btin\u0101jis jaundarbu, ir izsmalcin\u0101t\u0101 latvie\u0161u komponiste Santa Bu\u0161s.&nbsp; Programm\u0101 dzird\u0113sim ar\u012b J\u0101zepa V\u012btola, T\u0101livalda \u0136eni\u0146a, Maijas Einfeldes un J\u0101\u0146a \u0136ep\u012b\u0161a ska\u0146darbus.<\/p>\n\n\n\n<p>Koncertu r\u012bko P\u0113tera Vaska fonds sadarb\u012bb\u0101 ar Mazo Me\u017eotnes pili.&nbsp;<\/p>\n\n\n\n<p>Bi\u013cetes uz koncertu b\u016bs pieejamas \u201cBi\u013ce\u0161u Parad\u012bzes\u201d t\u012bkl\u0101<strong>.<\/strong> Visi ie\u0146\u0113mumi no koncertu bi\u013cet\u0113m tiks novirz\u012bti pas\u016btin\u0101juma darbu tap\u0161anai latvie\u0161u komponistiem, lai veicin\u0101tu m\u016bsdienu latvie\u0161u kamerm\u016bzikas att\u012bst\u012bbu.<\/p>\n\n\n\n<figure class=\"wp-block-embed is-type-video is-provider-youtube wp-block-embed-youtube wp-embed-aspect-16-9 wp-has-aspect-ratio\"><div class=\"wp-block-embed__wrapper\">\n<iframe title=\"&#039;&#039;P\u0113teris Vasks iel\u016bdz. Vasara. Me\u017eotne&#039;&#039;\" width=\"800\" height=\"450\" src=\"https:\/\/www.youtube.com\/embed\/KpRD9QrN8Mg?feature=oembed\" frameborder=\"0\" allow=\"accelerometer; autoplay; clipboard-write; encrypted-media; gyroscope; picture-in-picture; web-share\" referrerpolicy=\"strict-origin-when-cross-origin\" allowfullscreen><\/iframe>\n<\/div><\/figure>\n\n\n\n<p>\u00a0<\/p>\n","protected":false},"author":4,"featured_media":382,"menu_order":0,"template":"","meta":{"_acf_changed":true},"class_list":["post-381","concert","type-concert","status-publish","has-post-thumbnail","hentry"],"acf":[],"_links":{"self":[{"href":"https:\/\/vaskafonds.lv\/en\/wp-json\/wp\/v2\/concert\/381"}],"collection":[{"href":"https:\/\/vaskafonds.lv\/en\/wp-json\/wp\/v2\/concert"}],"about":[{"href":"https:\/\/vaskafonds.lv\/en\/wp-json\/wp\/v2\/types\/concert"}],"author":[{"embeddable":true,"href":"https:\/\/vaskafonds.lv\/en\/wp-json\/wp\/v2\/users\/4"}],"wp:featuredmedia":[{"embeddable":true,"href":"https:\/\/vaskafonds.lv\/en\/wp-json\/wp\/v2\/media\/382"}],"wp:attachment":[{"href":"https:\/\/vaskafonds.lv\/en\/wp-json\/wp\/v2\/media?parent=381"}],"curies":[{"name":"wp","href":"https:\/\/api.w.org\/{rel}","templated":true}]}}