{"id":305,"date":"2024-08-05T16:18:13","date_gmt":"2024-08-05T16:18:13","guid":{"rendered":"https:\/\/vaskafonds.lv\/?post_type=concert&#038;p=305"},"modified":"2024-08-05T16:18:13","modified_gmt":"2024-08-05T16:18:13","slug":"ziemassvetku-labdaribas-koncerts","status":"publish","type":"concert","link":"https:\/\/vaskafonds.lv\/en\/koncerti\/ziemassvetku-labdaribas-koncerts\/","title":{"rendered":"Ziemassv\u0113tku labdar\u012bbas koncerts"},"content":{"rendered":"\n<p>2016 .GADA 18. DECEMBR\u012a PLKST. 16 00.\u00a0Latvijas Nacion\u0101laj\u0101 bibliot\u0113k\u0101 Saulcer\u012btes z\u0101l\u0113 izskan\u0113s Ziemassv\u0113tku labdar\u012bbas koncerts .Uzst\u0101sies izcilais LNSO vijo\u013cu grupas koncertmeistars Sandis \u0160teinbergs un spilgt\u0101s balss \u012bpa\u0161niece, LNSO soliste Inga \u0160\u013cubovska, pie klavier\u0113m J\u0101nis Ma\u013ceckis. Koncert\u0101 tiks pirmo reizi atska\u0146oti fonda pas\u016bt\u012btie jaundarbi Vi\u013ca \u0160m\u012bdberga \u00a0,,Tr\u012bs dziesmas Kunga Godam&#8221; un Platona Buravicka &#8220;E\u0146\u0123e\u013ca skatiens&#8221;\u00a0.<\/p>\n","protected":false},"author":4,"featured_media":306,"menu_order":0,"template":"","meta":{"_acf_changed":true},"class_list":["post-305","concert","type-concert","status-publish","has-post-thumbnail","hentry"],"acf":[],"_links":{"self":[{"href":"https:\/\/vaskafonds.lv\/en\/wp-json\/wp\/v2\/concert\/305"}],"collection":[{"href":"https:\/\/vaskafonds.lv\/en\/wp-json\/wp\/v2\/concert"}],"about":[{"href":"https:\/\/vaskafonds.lv\/en\/wp-json\/wp\/v2\/types\/concert"}],"author":[{"embeddable":true,"href":"https:\/\/vaskafonds.lv\/en\/wp-json\/wp\/v2\/users\/4"}],"wp:featuredmedia":[{"embeddable":true,"href":"https:\/\/vaskafonds.lv\/en\/wp-json\/wp\/v2\/media\/306"}],"wp:attachment":[{"href":"https:\/\/vaskafonds.lv\/en\/wp-json\/wp\/v2\/media?parent=305"}],"curies":[{"name":"wp","href":"https:\/\/api.w.org\/{rel}","templated":true}]}}